{"version":"1.0","provider_name":"K\u00f6nny\u0171 esti s\u00e9rt\u00e9s","provider_url":"https:\/\/konnyuestisertes.cafeblog.hu","author_name":"nos","author_url":"https:\/\/konnyuestisertes.cafeblog.hu\/author\/nos-2\/","title":"Szeretlek...","html":"<P>&nbsp;&nbsp;&nbsp;&nbsp;&nbsp;&nbsp; A f\u00e9rfiak pontosan annyira vesznek h\u00fcly\u00e9re, amennyire hagyom magam. Zs. elvesztette a mobilit\u00e1s\u00e1t. \u00c9n a naivit\u00e1somat vesztettem el. <\/P>\r\n<P>&nbsp;&nbsp;&nbsp;&nbsp; Bizony\u00e1ra tal\u00e1lt egy pesti big\u00e9t, akit utazgat\u00e1s \u00e9s e-mail maraton n\u00e9lk\u00fcl is porozhat. B\u00e1r a levelez\u00e9s nem lehet f\u00e1raszt\u00f3, elmonologiz\u00e1lok sz\u00e9pen magamnak. Minden \u00e1ldott este meg\u00edrtam, mit ett\u00fcnk, mit l\u00e1ttunk, mi t\u00f6rt\u00e9nt... \u00e9des.<\/P>\r\n<P>&nbsp;&nbsp;&nbsp;&nbsp; Nem nyafogn\u00e9k, de mostm\u00e1r k\u00e9s\u0151... most l\u00e1tom, milyen sz\u00e9lh\u00e1mos \u0151. Zs\u00e1k a foltj\u00e1t, ugye, nem panaszkodhatik az, aki csak a romlottabb\u00f3l v\u00e1logat. Pr\u00f3b\u00e1lom megfejteni, honnan ez a k\u00e9sztet\u00e9s, hogy csakis rossz kisfi\u00fakkal \u00e1lljak sz\u00f3ba... probl\u00e9m\u00e1s j\u00f6het, a t\u00f6bbi meg ker\u00fclj\u00f6n...ez nem \u00e9des, ebbe bele lehetne savanyodni k\u00e9rem, ha az im\u00e1zsom engedne ilyesmit.<\/P>\r\n<P>&nbsp;&nbsp;&nbsp;&nbsp; Nem enged. 32 \u00e9vente egy alapos h\u00e1ny\u00e1s, ez minden, amit megtisztul\u00e1sk\u00e9nt eddig felmutathatok. A m\u00e1snap gondosan letisztogatott ereszcsatorna. Amilyen marha vagyok, ha lenne saj\u00e1t ereszcsatorn\u00e1m, h\u00e1t arra ok\u00e1dn\u00e9k! M\u00e9g j\u00f3, hogy csak a bar\u00e1taimnak van.<\/P>\r\n<P>&nbsp;&nbsp;&nbsp;&nbsp; Zs. teh\u00e1t \u00e1tr\u00e1z, j\u00e1tszik, ill. csak sz\u00f3rakozik velem... \u00f3h, \u00e9n szeg\u00e9ny mim\u00f3za! Ha \"k\u00f6z\u00f6s probl\u00e9m\u00e1nk\" van, arr\u00f3l hosszasan tudunk besz\u00e9lni telefonon, j\u00f3l viseli, ha s\u00edrok. J\u00f3l t\u0171rte. Szavam se lehet, \u0151 az \u00e9n lelki t\u00e1rsam... mi m\u00e1s, ha egyszer elvesztette a mobilit\u00e1s\u00e1t?! \u00dagyis \u00e9pp lelki t\u00e1rsat kerestem, lehet\u0151leg n\u0151set, h\u00e1rom gyerekkel, befuccsolt mobilit\u00e1ssal. <\/P>\r\n<P>&nbsp;&nbsp;&nbsp; \u00c9n csin\u00e1lom magamnak, igen-igen, tudom! Nem s\u00edrok sokat, csak sokszor keveset, beosztom. K\u00f6zben azon t\u00f6prengek, nem kellene-e elmennem nov\u00edci\u00e1nak. Esetleg vid\u00e9kre m\u0171vel\u0151d\u00e9sszervez\u0151nek, pap\u00edr n\u00e9lk\u00fcl, saj\u00e1t szak\u00e1llra. Nyanyatorna, gyerekeknek korrepet\u00e1l\u00e1s, sz\u00f3l\u00f3 a templomi k\u00f3rusban... jaj, hagyjuk a papot!<\/P>","type":"rich"}